{"id":5998,"date":"2022-10-03T14:01:46","date_gmt":"2022-10-03T13:01:46","guid":{"rendered":"https:\/\/dezuivelarij.be\/molkensuppe\/"},"modified":"2022-10-03T14:01:47","modified_gmt":"2022-10-03T13:01:47","slug":"molkensuppe","status":"publish","type":"page","link":"https:\/\/dezuivelarij.be\/de\/molkensuppe\/","title":{"rendered":"Molkensuppe"},"content":{"rendered":"\n<h1 class=\"wp-block-heading\" id=\"h-weisoep-met-broccoli-wortel-en-cheddar\">Molkensuppe mit Brokkoli, Karotten und Cheddar.<\/h1>\n\n<div style=\"height:50px\" aria-hidden=\"true\" class=\"wp-block-spacer\"><\/div>\n\n<div class=\"wp-block-image\"><figure class=\"aligncenter size-large is-resized\"><img data-recalc-dims=\"1\" loading=\"lazy\" decoding=\"async\" src=\"https:\/\/i0.wp.com\/dezuivelarij.be\/wp-content\/uploads\/2022\/03\/Brocolli-soep-met-wei.jpg?resize=692%2C692&#038;ssl=1\" alt=\"Molkensuppe mit Brokkoli, Karotten und Cheddar\" class=\"wp-image-5266\" width=\"692\" height=\"692\" srcset=\"https:\/\/i0.wp.com\/dezuivelarij.be\/wp-content\/uploads\/2022\/03\/Brocolli-soep-met-wei.jpg?resize=1024%2C1024&amp;ssl=1 1024w, https:\/\/i0.wp.com\/dezuivelarij.be\/wp-content\/uploads\/2022\/03\/Brocolli-soep-met-wei.jpg?resize=100%2C100&amp;ssl=1 100w, https:\/\/i0.wp.com\/dezuivelarij.be\/wp-content\/uploads\/2022\/03\/Brocolli-soep-met-wei.jpg?resize=600%2C600&amp;ssl=1 600w, https:\/\/i0.wp.com\/dezuivelarij.be\/wp-content\/uploads\/2022\/03\/Brocolli-soep-met-wei.jpg?resize=300%2C300&amp;ssl=1 300w, https:\/\/i0.wp.com\/dezuivelarij.be\/wp-content\/uploads\/2022\/03\/Brocolli-soep-met-wei.jpg?resize=150%2C150&amp;ssl=1 150w, https:\/\/i0.wp.com\/dezuivelarij.be\/wp-content\/uploads\/2022\/03\/Brocolli-soep-met-wei.jpg?resize=768%2C768&amp;ssl=1 768w, https:\/\/i0.wp.com\/dezuivelarij.be\/wp-content\/uploads\/2022\/03\/Brocolli-soep-met-wei.jpg?w=1140&amp;ssl=1 1140w, https:\/\/i0.wp.com\/dezuivelarij.be\/wp-content\/uploads\/2022\/03\/Brocolli-soep-met-wei.jpg?resize=570%2C570&amp;ssl=1 570w, https:\/\/i0.wp.com\/dezuivelarij.be\/wp-content\/uploads\/2022\/03\/Brocolli-soep-met-wei.jpg?resize=380%2C380&amp;ssl=1 380w, https:\/\/i0.wp.com\/dezuivelarij.be\/wp-content\/uploads\/2022\/03\/Brocolli-soep-met-wei.jpg?resize=285%2C285&amp;ssl=1 285w, https:\/\/i0.wp.com\/dezuivelarij.be\/wp-content\/uploads\/2022\/03\/Brocolli-soep-met-wei.jpg?resize=96%2C96&amp;ssl=1 96w\" sizes=\"auto, (max-width: 692px) 100vw, 692px\" \/><\/figure><\/div>\n\n<div style=\"height:50px\" aria-hidden=\"true\" class=\"wp-block-spacer\"><\/div>\n\n<h2 class=\"wp-block-heading\" id=\"h-dit-recept-volgt-binnenkort\">Dieses Rezept wird bald folgen.<\/h2>\n\n<div style=\"height:20px\" aria-hidden=\"true\" class=\"wp-block-spacer\"><\/div>\n\n<p><\/p>\n\n<p>Um diese Suppe wie in unserem Rezept zuzubereiten, ben\u00f6tigen Sie Schmelzsalz. Das finden Sie nicht nur im Supermarkt, aber fragen Sie ruhig danach, wenn Sie eine Wasserflasche mit <a href=\"https:\/\/dezuivelarij.be\/zuivelarwei\/\">Milchmolke<\/a> abholen wollen. Es lohnt sich wirklich, diese Suppe zu probieren.<\/p>\n\n<div style=\"height:50px\" aria-hidden=\"true\" class=\"wp-block-spacer\"><\/div>\n\n<h3 class=\"has-text-align-center wp-block-heading\" id=\"h-zuivelarwei-met-steun-van-de-provincie-oost-vlaanderen\"><a href=\"https:\/\/oost-vlaanderen.be\/werken-en-ondernemen\/ondernemen\/subsidies\/subsidie-voor-circulaire-ketenprojecten.html\">Zuivelarwei: mit Unterst\u00fctzung der Provinz Ostflandern<\/a><\/h3>\n\n<div class=\"wp-block-image\"><figure class=\"aligncenter size-large is-resized\"><a href=\"https:\/\/oost-vlaanderen.be\/werken-en-ondernemen\/ondernemen\/subsidies\/subsidie-voor-circulaire-ketenprojecten.html\"><img data-recalc-dims=\"1\" loading=\"lazy\" decoding=\"async\" src=\"https:\/\/i0.wp.com\/dezuivelarij.be\/wp-content\/uploads\/2022\/03\/provincieoostvlaanderen_logo-1-4-1024x231.jpg?resize=489%2C110&#038;ssl=1\" alt=\"\" class=\"wp-image-5192\" width=\"489\" height=\"110\"\/><\/a><\/figure><\/div>\n\n<div style=\"height:50px\" aria-hidden=\"true\" class=\"wp-block-spacer\"><\/div>\n\n<h3 class=\"has-text-align-center wp-block-heading\" id=\"h-deel-dit-bericht-als-je-dat-wil\">Teilen Sie diesen Beitrag, wenn Sie m\u00f6chten!<\/h3>\n\n<div style=\"height:50px\" aria-hidden=\"true\" class=\"wp-block-spacer\"><\/div>\n","protected":false},"excerpt":{"rendered":"<p>Molkensuppe mit Brokkoli, Karotten und Cheddar. Dieses Rezept wird bald folgen. Um diese Suppe wie in unserem Rezept zuzubereiten, ben\u00f6tigen Sie Schmelzsalz. Das finden Sie nicht nur im Supermarkt, aber fragen Sie ruhig danach, wenn Sie eine Wasserflasche mit Milchmolke abholen wollen. Es lohnt sich wirklich, diese Suppe zu probieren. Zuivelarwei: mit Unterst\u00fctzung der Provinz [&hellip;]<\/p>\n","protected":false},"author":1,"featured_media":0,"parent":0,"menu_order":0,"comment_status":"closed","ping_status":"closed","template":"","meta":{"jetpack_post_was_ever_published":false,"footnotes":"","_wp_rev_ctl_limit":""},"categories":[],"tags":[],"class_list":["post-5998","page","type-page","status-publish","hentry"],"yoast_head":"<!-- This site is optimized with the Yoast SEO Premium plugin v27.4 (Yoast SEO v27.4) - https:\/\/yoast.com\/product\/yoast-seo-premium-wordpress\/ -->\n<title>Molkensuppe - De Zuivelarij<\/title>\n<meta name=\"description\" content=\"Um diese Molkesuppe nach unserem Rezept zuzubereiten, ben\u00f6tigen Sie Schmelzsalz. Fragen Sie ruhig danach, wenn Sie eine Flasche Milchmolke abholen wollen.\" \/>\n<meta name=\"robots\" content=\"index, follow, max-snippet:-1, max-image-preview:large, max-video-preview:-1\" \/>\n<link rel=\"canonical\" href=\"https:\/\/dezuivelarij.be\/de\/molkensuppe\/\" \/>\n<meta property=\"og:locale\" content=\"de_DE\" \/>\n<meta property=\"og:type\" content=\"article\" \/>\n<meta property=\"og:title\" content=\"Molkensuppe\" \/>\n<meta property=\"og:description\" content=\"Um diese Molkesuppe nach unserem Rezept zuzubereiten, ben\u00f6tigen Sie Schmelzsalz. Fragen Sie ruhig danach, wenn Sie eine Flasche Milchmolke abholen wollen.\" \/>\n<meta property=\"og:url\" content=\"https:\/\/dezuivelarij.be\/de\/molkensuppe\/\" \/>\n<meta property=\"og:site_name\" content=\"De Zuivelarij\" \/>\n<meta property=\"article:publisher\" content=\"https:\/\/www.facebook.com\/DeZuivelarij\/\" \/>\n<meta property=\"article:modified_time\" content=\"2022-10-03T13:01:47+00:00\" \/>\n<meta property=\"og:image\" content=\"https:\/\/dezuivelarij.be\/wp-content\/uploads\/2022\/03\/Brocolli-soep-met-wei-1024x1024.jpg\" \/>\n<meta name=\"twitter:card\" content=\"summary_large_image\" \/>\n<script type=\"application\/ld+json\" class=\"yoast-schema-graph\">{\"@context\":\"https:\\\/\\\/schema.org\",\"@graph\":[{\"@type\":\"WebPage\",\"@id\":\"https:\\\/\\\/dezuivelarij.be\\\/de\\\/molkensuppe\\\/\",\"url\":\"https:\\\/\\\/dezuivelarij.be\\\/de\\\/molkensuppe\\\/\",\"name\":\"Molkensuppe - De Zuivelarij\",\"isPartOf\":{\"@id\":\"https:\\\/\\\/dezuivelarij.be\\\/de\\\/#website\"},\"primaryImageOfPage\":{\"@id\":\"https:\\\/\\\/dezuivelarij.be\\\/de\\\/molkensuppe\\\/#primaryimage\"},\"image\":{\"@id\":\"https:\\\/\\\/dezuivelarij.be\\\/de\\\/molkensuppe\\\/#primaryimage\"},\"thumbnailUrl\":\"https:\\\/\\\/dezuivelarij.be\\\/wp-content\\\/uploads\\\/2022\\\/03\\\/Brocolli-soep-met-wei-1024x1024.jpg\",\"datePublished\":\"2022-10-03T13:01:46+00:00\",\"dateModified\":\"2022-10-03T13:01:47+00:00\",\"description\":\"Um diese Molkesuppe nach unserem Rezept zuzubereiten, ben\u00f6tigen Sie Schmelzsalz. Fragen Sie ruhig danach, wenn Sie eine Flasche Milchmolke abholen wollen.\",\"breadcrumb\":{\"@id\":\"https:\\\/\\\/dezuivelarij.be\\\/de\\\/molkensuppe\\\/#breadcrumb\"},\"inLanguage\":\"de\",\"potentialAction\":[{\"@type\":\"ReadAction\",\"target\":[\"https:\\\/\\\/dezuivelarij.be\\\/de\\\/molkensuppe\\\/\"]}]},{\"@type\":\"ImageObject\",\"inLanguage\":\"de\",\"@id\":\"https:\\\/\\\/dezuivelarij.be\\\/de\\\/molkensuppe\\\/#primaryimage\",\"url\":\"https:\\\/\\\/dezuivelarij.be\\\/wp-content\\\/uploads\\\/2022\\\/03\\\/Brocolli-soep-met-wei-1024x1024.jpg\",\"contentUrl\":\"https:\\\/\\\/dezuivelarij.be\\\/wp-content\\\/uploads\\\/2022\\\/03\\\/Brocolli-soep-met-wei-1024x1024.jpg\"},{\"@type\":\"BreadcrumbList\",\"@id\":\"https:\\\/\\\/dezuivelarij.be\\\/de\\\/molkensuppe\\\/#breadcrumb\",\"itemListElement\":[{\"@type\":\"ListItem\",\"position\":1,\"name\":\"Home\",\"item\":\"https:\\\/\\\/dezuivelarij.be\\\/de\\\/\"},{\"@type\":\"ListItem\",\"position\":2,\"name\":\"Molkensuppe\"}]},{\"@type\":\"WebSite\",\"@id\":\"https:\\\/\\\/dezuivelarij.be\\\/de\\\/#website\",\"url\":\"https:\\\/\\\/dezuivelarij.be\\\/de\\\/\",\"name\":\"De Zuivelarij\",\"description\":\"Kaas met grillen\",\"publisher\":{\"@id\":\"https:\\\/\\\/dezuivelarij.be\\\/de\\\/#organization\"},\"potentialAction\":[{\"@type\":\"SearchAction\",\"target\":{\"@type\":\"EntryPoint\",\"urlTemplate\":\"https:\\\/\\\/dezuivelarij.be\\\/de\\\/?s={search_term_string}\"},\"query-input\":{\"@type\":\"PropertyValueSpecification\",\"valueRequired\":true,\"valueName\":\"search_term_string\"}}],\"inLanguage\":\"de\"},{\"@type\":[\"Organization\",\"Place\"],\"@id\":\"https:\\\/\\\/dezuivelarij.be\\\/de\\\/#organization\",\"name\":\"De Zuivelarij\",\"alternateName\":\"De Zuivelarij BV\",\"url\":\"https:\\\/\\\/dezuivelarij.be\\\/de\\\/\",\"logo\":{\"@id\":\"https:\\\/\\\/dezuivelarij.be\\\/de\\\/molkensuppe\\\/#local-main-organization-logo\"},\"image\":{\"@id\":\"https:\\\/\\\/dezuivelarij.be\\\/de\\\/molkensuppe\\\/#local-main-organization-logo\"},\"sameAs\":[\"https:\\\/\\\/www.facebook.com\\\/DeZuivelarij\\\/\",\"https:\\\/\\\/www.instagram.com\\\/de.zuivelarij\\\/\",\"https:\\\/\\\/nl.pinterest.com\\\/dezuivelarij\\\/\",\"https:\\\/\\\/www.youtube.com\\\/channel\\\/UCK_6xO0p1H4DXoMoW6fMUSw?view_as=subscriber\"],\"telephone\":[],\"openingHoursSpecification\":[{\"@type\":\"OpeningHoursSpecification\",\"dayOfWeek\":[\"Monday\",\"Tuesday\",\"Wednesday\",\"Thursday\",\"Friday\",\"Saturday\",\"Sunday\"],\"opens\":\"09:00\",\"closes\":\"17:00\"}]},{\"@type\":\"ImageObject\",\"inLanguage\":\"de\",\"@id\":\"https:\\\/\\\/dezuivelarij.be\\\/de\\\/molkensuppe\\\/#local-main-organization-logo\",\"url\":\"https:\\\/\\\/i0.wp.com\\\/dezuivelarij.be\\\/wp-content\\\/uploads\\\/2024\\\/11\\\/cropped-cropped-Zuivelarij-1.jpg?fit=96%2C96&ssl=1\",\"contentUrl\":\"https:\\\/\\\/i0.wp.com\\\/dezuivelarij.be\\\/wp-content\\\/uploads\\\/2024\\\/11\\\/cropped-cropped-Zuivelarij-1.jpg?fit=96%2C96&ssl=1\",\"width\":96,\"height\":96,\"caption\":\"De Zuivelarij\"}]}<\/script>\n<!-- \/ Yoast SEO Premium plugin. -->","yoast_head_json":{"title":"Molkensuppe - De Zuivelarij","description":"Um diese Molkesuppe nach unserem Rezept zuzubereiten, ben\u00f6tigen Sie Schmelzsalz. Fragen Sie ruhig danach, wenn Sie eine Flasche Milchmolke abholen wollen.","robots":{"index":"index","follow":"follow","max-snippet":"max-snippet:-1","max-image-preview":"max-image-preview:large","max-video-preview":"max-video-preview:-1"},"canonical":"https:\/\/dezuivelarij.be\/de\/molkensuppe\/","og_locale":"de_DE","og_type":"article","og_title":"Molkensuppe","og_description":"Um diese Molkesuppe nach unserem Rezept zuzubereiten, ben\u00f6tigen Sie Schmelzsalz. Fragen Sie ruhig danach, wenn Sie eine Flasche Milchmolke abholen wollen.","og_url":"https:\/\/dezuivelarij.be\/de\/molkensuppe\/","og_site_name":"De Zuivelarij","article_publisher":"https:\/\/www.facebook.com\/DeZuivelarij\/","article_modified_time":"2022-10-03T13:01:47+00:00","og_image":[{"url":"https:\/\/dezuivelarij.be\/wp-content\/uploads\/2022\/03\/Brocolli-soep-met-wei-1024x1024.jpg","type":"","width":"","height":""}],"twitter_card":"summary_large_image","schema":{"@context":"https:\/\/schema.org","@graph":[{"@type":"WebPage","@id":"https:\/\/dezuivelarij.be\/de\/molkensuppe\/","url":"https:\/\/dezuivelarij.be\/de\/molkensuppe\/","name":"Molkensuppe - De Zuivelarij","isPartOf":{"@id":"https:\/\/dezuivelarij.be\/de\/#website"},"primaryImageOfPage":{"@id":"https:\/\/dezuivelarij.be\/de\/molkensuppe\/#primaryimage"},"image":{"@id":"https:\/\/dezuivelarij.be\/de\/molkensuppe\/#primaryimage"},"thumbnailUrl":"https:\/\/dezuivelarij.be\/wp-content\/uploads\/2022\/03\/Brocolli-soep-met-wei-1024x1024.jpg","datePublished":"2022-10-03T13:01:46+00:00","dateModified":"2022-10-03T13:01:47+00:00","description":"Um diese Molkesuppe nach unserem Rezept zuzubereiten, ben\u00f6tigen Sie Schmelzsalz. Fragen Sie ruhig danach, wenn Sie eine Flasche Milchmolke abholen wollen.","breadcrumb":{"@id":"https:\/\/dezuivelarij.be\/de\/molkensuppe\/#breadcrumb"},"inLanguage":"de","potentialAction":[{"@type":"ReadAction","target":["https:\/\/dezuivelarij.be\/de\/molkensuppe\/"]}]},{"@type":"ImageObject","inLanguage":"de","@id":"https:\/\/dezuivelarij.be\/de\/molkensuppe\/#primaryimage","url":"https:\/\/dezuivelarij.be\/wp-content\/uploads\/2022\/03\/Brocolli-soep-met-wei-1024x1024.jpg","contentUrl":"https:\/\/dezuivelarij.be\/wp-content\/uploads\/2022\/03\/Brocolli-soep-met-wei-1024x1024.jpg"},{"@type":"BreadcrumbList","@id":"https:\/\/dezuivelarij.be\/de\/molkensuppe\/#breadcrumb","itemListElement":[{"@type":"ListItem","position":1,"name":"Home","item":"https:\/\/dezuivelarij.be\/de\/"},{"@type":"ListItem","position":2,"name":"Molkensuppe"}]},{"@type":"WebSite","@id":"https:\/\/dezuivelarij.be\/de\/#website","url":"https:\/\/dezuivelarij.be\/de\/","name":"De Zuivelarij","description":"Kaas met grillen","publisher":{"@id":"https:\/\/dezuivelarij.be\/de\/#organization"},"potentialAction":[{"@type":"SearchAction","target":{"@type":"EntryPoint","urlTemplate":"https:\/\/dezuivelarij.be\/de\/?s={search_term_string}"},"query-input":{"@type":"PropertyValueSpecification","valueRequired":true,"valueName":"search_term_string"}}],"inLanguage":"de"},{"@type":["Organization","Place"],"@id":"https:\/\/dezuivelarij.be\/de\/#organization","name":"De Zuivelarij","alternateName":"De Zuivelarij BV","url":"https:\/\/dezuivelarij.be\/de\/","logo":{"@id":"https:\/\/dezuivelarij.be\/de\/molkensuppe\/#local-main-organization-logo"},"image":{"@id":"https:\/\/dezuivelarij.be\/de\/molkensuppe\/#local-main-organization-logo"},"sameAs":["https:\/\/www.facebook.com\/DeZuivelarij\/","https:\/\/www.instagram.com\/de.zuivelarij\/","https:\/\/nl.pinterest.com\/dezuivelarij\/","https:\/\/www.youtube.com\/channel\/UCK_6xO0p1H4DXoMoW6fMUSw?view_as=subscriber"],"telephone":[],"openingHoursSpecification":[{"@type":"OpeningHoursSpecification","dayOfWeek":["Monday","Tuesday","Wednesday","Thursday","Friday","Saturday","Sunday"],"opens":"09:00","closes":"17:00"}]},{"@type":"ImageObject","inLanguage":"de","@id":"https:\/\/dezuivelarij.be\/de\/molkensuppe\/#local-main-organization-logo","url":"https:\/\/i0.wp.com\/dezuivelarij.be\/wp-content\/uploads\/2024\/11\/cropped-cropped-Zuivelarij-1.jpg?fit=96%2C96&ssl=1","contentUrl":"https:\/\/i0.wp.com\/dezuivelarij.be\/wp-content\/uploads\/2024\/11\/cropped-cropped-Zuivelarij-1.jpg?fit=96%2C96&ssl=1","width":96,"height":96,"caption":"De Zuivelarij"}]}},"jetpack_sharing_enabled":true,"jetpack_likes_enabled":true,"jetpack-related-posts":[{"id":15419,"url":"https:\/\/dezuivelarij.be\/de\/berloumi-spiess\/","url_meta":{"origin":5998,"position":0},"title":"Berloumi-Spie\u00df mit Ananas, Paprika-Coulis und Fladenbrot","author":"De Zuivelarij","date":"September 27, 2022","format":false,"excerpt":"Ehrlich gesagt, zugegeben. Wir sind selbst kein gro\u00dfer Fan dieses Berloumi-Spie\u00dfes. Es ist lecker und es sieht toll aus. Aber es ist nicht praktikabel. Wenn Sie f\u00fcr viele Leute grillen, wird das Berloumi-Grillen auf dem Grill ohne den Spie\u00df einfacher. Haben Sie Zeit und m\u00f6chten Sie, dass es besonders sch\u00f6n\u2026","rel":"","context":"\u00c4hnlicher Beitrag","block_context":{"text":"\u00c4hnlicher Beitrag","link":""},"img":{"alt_text":"Halloumi, Grill","src":"https:\/\/i0.wp.com\/berloumi.be\/wp-content\/uploads\/2016\/04\/DSC_0246-1140x760.jpg?resize=350%2C200&ssl=1","width":350,"height":200,"srcset":"https:\/\/i0.wp.com\/berloumi.be\/wp-content\/uploads\/2016\/04\/DSC_0246-1140x760.jpg?resize=350%2C200&ssl=1 1x, https:\/\/i0.wp.com\/berloumi.be\/wp-content\/uploads\/2016\/04\/DSC_0246-1140x760.jpg?resize=525%2C300&ssl=1 1.5x, https:\/\/i0.wp.com\/berloumi.be\/wp-content\/uploads\/2016\/04\/DSC_0246-1140x760.jpg?resize=700%2C400&ssl=1 2x, https:\/\/i0.wp.com\/berloumi.be\/wp-content\/uploads\/2016\/04\/DSC_0246-1140x760.jpg?resize=1050%2C600&ssl=1 3x"},"classes":[]},{"id":15385,"url":"https:\/\/dezuivelarij.be\/de\/gerostete-sprossen\/","url_meta":{"origin":5998,"position":1},"title":"Auflauf mit ger\u00f6steten Sprossen und flauschigem Kartoffelp\u00fcree mit Meerrettich.","author":"De Zuivelarij","date":"September 27, 2022","format":false,"excerpt":"Auflauf mit Berloumi, ger\u00f6steten Sprossen, fluffigem Kartoffelp\u00fcree mit Labneh und Meerrettich. Rosenkohl wird so viel schmackhafter, wenn er im Ofen ger\u00f6stet wird. Es sei denn, Sie essen sie roh wie in diesem Salat. Backen Sie sie auf einer Auflaufform, bis sie anfangen, schwarze R\u00e4nder zu zeigen und zu echten Geschmacksbomben\u2026","rel":"","context":"\u00c4hnlicher Beitrag","block_context":{"text":"\u00c4hnlicher Beitrag","link":""},"img":{"alt_text":"","src":"https:\/\/i0.wp.com\/berloumi.be\/wp-content\/uploads\/2020\/11\/Puree-met-geroosterde-spruitjes-1024x576.jpg?resize=350%2C200&ssl=1","width":350,"height":200,"srcset":"https:\/\/i0.wp.com\/berloumi.be\/wp-content\/uploads\/2020\/11\/Puree-met-geroosterde-spruitjes-1024x576.jpg?resize=350%2C200&ssl=1 1x, https:\/\/i0.wp.com\/berloumi.be\/wp-content\/uploads\/2020\/11\/Puree-met-geroosterde-spruitjes-1024x576.jpg?resize=525%2C300&ssl=1 1.5x, https:\/\/i0.wp.com\/berloumi.be\/wp-content\/uploads\/2020\/11\/Puree-met-geroosterde-spruitjes-1024x576.jpg?resize=700%2C400&ssl=1 2x"},"classes":[]},{"id":15376,"url":"https:\/\/dezuivelarij.be\/de\/quinoa-2\/","url_meta":{"origin":5998,"position":2},"title":"Quinoa-Salat mit rasiertem Blumenkohl","author":"De Zuivelarij","date":"September 27, 2022","format":false,"excerpt":"Quinoa-Salat mit rasiertem Blumenkohl, gr\u00fcnem Apfel und Berloumi. Dieser Quinoa-Halloumi-Salat mit rasiertem Blumenkohl, Apfel und Petersilie ist k\u00f6stlich. In Kombination mit unserem frischen und cremigen Labneh und dem gebackenen Berloumi ist es ein Fest knuspriger Texturen. Es ist sicherlich eines unserer leckersten Rezepte und perfekt mit dem besseren Grill. Quinoa\u2026","rel":"","context":"In &quot;Geen onderdeel van een categorie&quot;","block_context":{"text":"Geen onderdeel van een categorie","link":"https:\/\/dezuivelarij.be\/category\/geen-onderdeel-van-een-categorie\/"},"img":{"alt_text":"","src":"https:\/\/i0.wp.com\/berloumi.be\/wp-content\/uploads\/2020\/07\/Quinoa-salade-met-Berloumi-halloumi-en-labneh-1024x573.jpg?resize=350%2C200&ssl=1","width":350,"height":200,"srcset":"https:\/\/i0.wp.com\/berloumi.be\/wp-content\/uploads\/2020\/07\/Quinoa-salade-met-Berloumi-halloumi-en-labneh-1024x573.jpg?resize=350%2C200&ssl=1 1x, https:\/\/i0.wp.com\/berloumi.be\/wp-content\/uploads\/2020\/07\/Quinoa-salade-met-Berloumi-halloumi-en-labneh-1024x573.jpg?resize=525%2C300&ssl=1 1.5x, https:\/\/i0.wp.com\/berloumi.be\/wp-content\/uploads\/2020\/07\/Quinoa-salade-met-Berloumi-halloumi-en-labneh-1024x573.jpg?resize=700%2C400&ssl=1 2x"},"classes":[]},{"id":15392,"url":"https:\/\/dezuivelarij.be\/de\/toast-mit-horn-von-fulle-und-salsifizieren\/","url_meta":{"origin":5998,"position":3},"title":"Toast| Horn der F\u00fclle | Schwarzwurzel","author":"De Zuivelarij","date":"September 27, 2022","format":false,"excerpt":"600 g Schwarzwurzeln, gereinigt 700 g Milch Die Schwarzwurzel bei sehr niedriger Hitze zart in der Milch kochen (ca. 30 Minuten, die Milch sollte nicht wirklich kochen) 30 g Butter Zimt, nach Geschmack 40 g Mehl Die Butter in einer Pfanne schmelzen, Zimt und Mehl dazugeben. Unter st\u00e4ndigem R\u00fchren schonend\u2026","rel":"","context":"\u00c4hnlicher Beitrag","block_context":{"text":"\u00c4hnlicher Beitrag","link":""},"img":{"alt_text":"","src":"file:\/\/\/C:\/Users\/David\/AppData\/Local\/Temp\/msohtmlclip1\/02\/clip_image001.png","width":350,"height":200,"srcset":"file:\/\/\/C:\/Users\/David\/AppData\/Local\/Temp\/msohtmlclip1\/02\/clip_image001.png 1x, file:\/\/\/C:\/Users\/David\/AppData\/Local\/Temp\/msohtmlclip1\/02\/clip_image001.png 1.5x, file:\/\/\/C:\/Users\/David\/AppData\/Local\/Temp\/msohtmlclip1\/02\/clip_image001.png 2x, file:\/\/\/C:\/Users\/David\/AppData\/Local\/Temp\/msohtmlclip1\/02\/clip_image001.png 3x"},"classes":[]},{"id":15531,"url":"https:\/\/dezuivelarij.be\/de\/shakshuka-mit-berloumi\/","url_meta":{"origin":5998,"position":4},"title":"Shakshuka mit Berloumi","author":"De Zuivelarij","date":"Oktober 3, 2022","format":false,"excerpt":"Drei Knoblauchzehen fein hacken. Dann eine Zwiebel in St\u00fccke schneiden und eine rote Paprika sch\u00e4len und schneiden. 200g Berloumi in Scheiben schneiden. Etwas Oliven\u00f6l in einer gro\u00dfen Pfanne bei mittlerer Hitze erhitzen. F\u00fcgen Sie einen Essl\u00f6ffel K\u00fcmmel und einen Essl\u00f6ffel Kreuzk\u00fcmmelsamen hinzu. Dann f\u00fcgen Sie Knoblauch, Zwiebel und rote Paprika\u2026","rel":"","context":"\u00c4hnlicher Beitrag","block_context":{"text":"\u00c4hnlicher Beitrag","link":""},"img":{"alt_text":"","src":"https:\/\/i0.wp.com\/berloumi.be\/wp-content\/uploads\/2022\/09\/287023037_512655400692687_6647835109952325196_n-1024x823.jpg?resize=350%2C200&ssl=1","width":350,"height":200,"srcset":"https:\/\/i0.wp.com\/berloumi.be\/wp-content\/uploads\/2022\/09\/287023037_512655400692687_6647835109952325196_n-1024x823.jpg?resize=350%2C200&ssl=1 1x, https:\/\/i0.wp.com\/berloumi.be\/wp-content\/uploads\/2022\/09\/287023037_512655400692687_6647835109952325196_n-1024x823.jpg?resize=525%2C300&ssl=1 1.5x, https:\/\/i0.wp.com\/berloumi.be\/wp-content\/uploads\/2022\/09\/287023037_512655400692687_6647835109952325196_n-1024x823.jpg?resize=700%2C400&ssl=1 2x"},"classes":[]},{"id":15426,"url":"https:\/\/dezuivelarij.be\/de\/berloumi-gebraten-spinat-linsen-und-zitronen-sauce\/","url_meta":{"origin":5998,"position":5},"title":"Berloumi mit gebratenen Aprikosen, Spinat, Linsen und Zitronensauce","author":"De Zuivelarij","date":"September 27, 2022","format":false,"excerpt":"Rezepte Da es ziemlich viel gibt, das separat zubereitet werden muss, ist dies vielleicht nicht unser einfachstes Rezept. Aber vielleicht unsere festlichste. Zitronensauce mit Kurkuma und Ingwer 100 g fein gehackte Schalotte in 30 g Mais\u00f6l eintopfen. Nach zehn Minuten 30 g fein gehackten Ingwer, 10 g geriebenes frisches Kurkuma,\u2026","rel":"","context":"\u00c4hnlicher Beitrag","block_context":{"text":"\u00c4hnlicher Beitrag","link":""},"img":{"alt_text":"Zitronensauce mit Kurkum","src":"https:\/\/i0.wp.com\/berloumi.be\/wp-content\/uploads\/2016\/06\/DSC_0062-1024x685.jpg?resize=350%2C200&ssl=1","width":350,"height":200,"srcset":"https:\/\/i0.wp.com\/berloumi.be\/wp-content\/uploads\/2016\/06\/DSC_0062-1024x685.jpg?resize=350%2C200&ssl=1 1x, https:\/\/i0.wp.com\/berloumi.be\/wp-content\/uploads\/2016\/06\/DSC_0062-1024x685.jpg?resize=525%2C300&ssl=1 1.5x, https:\/\/i0.wp.com\/berloumi.be\/wp-content\/uploads\/2016\/06\/DSC_0062-1024x685.jpg?resize=700%2C400&ssl=1 2x"},"classes":[]}],"_links":{"self":[{"href":"https:\/\/dezuivelarij.be\/de\/wp-json\/wp\/v2\/pages\/5998","targetHints":{"allow":["GET"]}}],"collection":[{"href":"https:\/\/dezuivelarij.be\/de\/wp-json\/wp\/v2\/pages"}],"about":[{"href":"https:\/\/dezuivelarij.be\/de\/wp-json\/wp\/v2\/types\/page"}],"author":[{"embeddable":true,"href":"https:\/\/dezuivelarij.be\/de\/wp-json\/wp\/v2\/users\/1"}],"replies":[{"embeddable":true,"href":"https:\/\/dezuivelarij.be\/de\/wp-json\/wp\/v2\/comments?post=5998"}],"version-history":[{"count":1,"href":"https:\/\/dezuivelarij.be\/de\/wp-json\/wp\/v2\/pages\/5998\/revisions"}],"predecessor-version":[{"id":6008,"href":"https:\/\/dezuivelarij.be\/de\/wp-json\/wp\/v2\/pages\/5998\/revisions\/6008"}],"wp:attachment":[{"href":"https:\/\/dezuivelarij.be\/de\/wp-json\/wp\/v2\/media?parent=5998"}],"wp:term":[{"taxonomy":"category","embeddable":true,"href":"https:\/\/dezuivelarij.be\/de\/wp-json\/wp\/v2\/categories?post=5998"},{"taxonomy":"post_tag","embeddable":true,"href":"https:\/\/dezuivelarij.be\/de\/wp-json\/wp\/v2\/tags?post=5998"}],"curies":[{"name":"wp","href":"https:\/\/api.w.org\/{rel}","templated":true}]}}